{"id":37,"date":"2016-09-20T14:25:38","date_gmt":"2016-09-20T14:25:38","guid":{"rendered":"http:\/\/fn.se\/ystad-osterlen\/?page_id=37"},"modified":"2016-10-18T07:56:00","modified_gmt":"2016-10-18T07:56:00","slug":"backakradagarna-till-dag-hammarskjolds-minne","status":"publish","type":"page","link":"https:\/\/fn.se\/ystad-osterlen\/backakradagarna-till-dag-hammarskjolds-minne\/","title":{"rendered":"Back\u00e5kradagarna till Dag Hammarskj\u00f6lds minne"},"content":{"rendered":"<h1>Back\u00e5kradagarna till Dag Hammarskj\u00f6lds minne<\/h1>\n<p class=\"intro\"><strong><img decoding=\"async\" class=\"right alignright\" src=\"http:\/\/fnold.episerverhosting.com\/Global\/FN-info\/Generalsekreterare\/DagHammarskjold.jpg\" alt=\"\" \/><\/strong><\/p>\n<p class=\"intro intro\">Sedan 30 \u00e5r tillbaka arrangerar FN-f\u00f6reningen Ystad \u00d6sterlen efterl\u00e4ngtade f\u00f6rel\u00e4sningar p\u00e5 Dag Hammarskj\u00f6lds Back\u00e5kra. Blicken h\u00f6js mot v\u00e4rlden och vi f\u00e5r ta del av reflektioner, kunskaper och fr\u00e5gest\u00e4llningar inom aktuella omr\u00e5den som \u00e4ven intresserade Dag Hammarskj\u00f6ld.<\/p>\n<p class=\"intro intro\">Dag Hammarskj\u00f6lds Back\u00e5kra ligger mellan K\u00e5seberga och Sandhammaren, strax \u00f6ster om Ystad.<\/p>\n<p class=\"intro intro\"><a href=\"https:\/\/fn.se\/ystad-osterlen\/backakradagarna-2011\/\">Back\u00e5kradagarna 2011<\/a><\/p>\n<p class=\"intro intro\"><a href=\"https:\/\/fn.se\/ystad-osterlen\/backakradagarna-2010\/\">Back\u00e5kradagarna 2010<\/a><\/p>\n<p class=\"intro intro\"><a href=\"https:\/\/fn.se\/ystad-osterlen\/program-for-backakradagarna-2009\/\">Program f\u00f6r Back\u00e5kradagarna 2009<\/a><\/p>\n","protected":false},"excerpt":{"rendered":"<p>Back\u00e5kradagarna till Dag Hammarskj\u00f6lds minne Sedan 30 \u00e5r tillbaka arrangerar FN-f\u00f6reningen Ystad \u00d6sterlen efterl\u00e4ngtade f\u00f6rel\u00e4sningar p\u00e5 Dag Hammarskj\u00f6lds Back\u00e5kra. Blicken&hellip;<\/p>\n","protected":false},"author":17,"featured_media":0,"parent":0,"menu_order":0,"comment_status":"closed","ping_status":"closed","template":"templates\/template-sub.php","meta":{"_acf_changed":false,"footnotes":"","_links_to":"","_links_to_target":""},"class_list":["post-37","page","type-page","status-publish","hentry"],"acf":[],"_links":{"self":[{"href":"https:\/\/fn.se\/ystad-osterlen\/wp-json\/wp\/v2\/pages\/37","targetHints":{"allow":["GET"]}}],"collection":[{"href":"https:\/\/fn.se\/ystad-osterlen\/wp-json\/wp\/v2\/pages"}],"about":[{"href":"https:\/\/fn.se\/ystad-osterlen\/wp-json\/wp\/v2\/types\/page"}],"author":[{"embeddable":true,"href":"https:\/\/fn.se\/ystad-osterlen\/wp-json\/wp\/v2\/users\/17"}],"replies":[{"embeddable":true,"href":"https:\/\/fn.se\/ystad-osterlen\/wp-json\/wp\/v2\/comments?post=37"}],"version-history":[{"count":4,"href":"https:\/\/fn.se\/ystad-osterlen\/wp-json\/wp\/v2\/pages\/37\/revisions"}],"predecessor-version":[{"id":69,"href":"https:\/\/fn.se\/ystad-osterlen\/wp-json\/wp\/v2\/pages\/37\/revisions\/69"}],"wp:attachment":[{"href":"https:\/\/fn.se\/ystad-osterlen\/wp-json\/wp\/v2\/media?parent=37"}],"curies":[{"name":"wp","href":"https:\/\/api.w.org\/{rel}","templated":true}]}}