{"id":18,"date":"2017-11-16T18:00:36","date_gmt":"2017-11-16T18:00:36","guid":{"rendered":"http:\/\/fn.se\/sundsvall-timra\/?page_id=18"},"modified":"2017-12-13T12:58:06","modified_gmt":"2017-12-13T12:58:06","slug":"verksamhet","status":"publish","type":"page","link":"https:\/\/fn.se\/sundsvall-timra\/verksamhet\/","title":{"rendered":"Verksamhet"},"content":{"rendered":"<h2>Verksamhet<\/h2>\n<h3><\/h3>\n<h3>F\u00f6rel\u00e4sning om Sveriges roll i FNs s\u00e4kerhetsr\u00e5d p\u00e5 Mittuniversitetet<\/h3>\n<p>Den 12 december h\u00f6lls en f\u00f6rel\u00e4sning av Victor Sundman om FNs s\u00e4kerhetsr\u00e5d. Det var en lyckad kv\u00e4ll med insamling f\u00f6r projektet minor, d\u00e4r deltagarna bj\u00f6ds p\u00e5 kaffe och lussebulle s\u00e5 h\u00e4r i juletider.<\/p>\n<p><img loading=\"lazy\" decoding=\"async\" class=\" wp-image-53\" src=\"https:\/\/fn.se\/sundsvall-timra\/wp-content\/uploads\/sites\/97\/2017\/12\/D8FFAF61-C300-4832-802F-D9876DE095F7-300x225.jpg\" alt=\"\" width=\"705\" height=\"529\" srcset=\"https:\/\/fn.se\/sundsvall-timra\/wp-content\/uploads\/sites\/97\/2017\/12\/D8FFAF61-C300-4832-802F-D9876DE095F7-300x225.jpg 300w, https:\/\/fn.se\/sundsvall-timra\/wp-content\/uploads\/sites\/97\/2017\/12\/D8FFAF61-C300-4832-802F-D9876DE095F7-768x576.jpg 768w, https:\/\/fn.se\/sundsvall-timra\/wp-content\/uploads\/sites\/97\/2017\/12\/D8FFAF61-C300-4832-802F-D9876DE095F7-1024x768.jpg 1024w, https:\/\/fn.se\/sundsvall-timra\/wp-content\/uploads\/sites\/97\/2017\/12\/D8FFAF61-C300-4832-802F-D9876DE095F7-427x320.jpg 427w, https:\/\/fn.se\/sundsvall-timra\/wp-content\/uploads\/sites\/97\/2017\/12\/D8FFAF61-C300-4832-802F-D9876DE095F7-933x700.jpg 933w\" sizes=\"auto, (max-width: 705px) 100vw, 705px\" \/><\/p>\n<h3><\/h3>\n<h3>FN-dagen 24 Oktober 2017<\/h3>\n<p>FN-dagen den 24 oktober firades med utst\u00e4llning i Kulturmagasinet i Sundsvall. P\u00e5 kv\u00e4llen hade den lokala FN-f\u00f6reningen anordnat v\u00e4ldigt intressanta f\u00f6rel\u00e4sare.<\/p>\n<p><img loading=\"lazy\" decoding=\"async\" class=\"alignnone wp-image-41\" src=\"https:\/\/fn.se\/sundsvall-timra\/wp-content\/uploads\/sites\/97\/2017\/11\/BEDFE114-FAAE-4B6B-B68D-3A497CEE96A0-300x225.jpg\" alt=\"\" width=\"707\" height=\"530\" srcset=\"https:\/\/fn.se\/sundsvall-timra\/wp-content\/uploads\/sites\/97\/2017\/11\/BEDFE114-FAAE-4B6B-B68D-3A497CEE96A0-300x225.jpg 300w, https:\/\/fn.se\/sundsvall-timra\/wp-content\/uploads\/sites\/97\/2017\/11\/BEDFE114-FAAE-4B6B-B68D-3A497CEE96A0-768x576.jpg 768w, https:\/\/fn.se\/sundsvall-timra\/wp-content\/uploads\/sites\/97\/2017\/11\/BEDFE114-FAAE-4B6B-B68D-3A497CEE96A0-1024x768.jpg 1024w, https:\/\/fn.se\/sundsvall-timra\/wp-content\/uploads\/sites\/97\/2017\/11\/BEDFE114-FAAE-4B6B-B68D-3A497CEE96A0-427x320.jpg 427w, https:\/\/fn.se\/sundsvall-timra\/wp-content\/uploads\/sites\/97\/2017\/11\/BEDFE114-FAAE-4B6B-B68D-3A497CEE96A0-933x700.jpg 933w\" sizes=\"auto, (max-width: 707px) 100vw, 707px\" \/><\/p>\n","protected":false},"excerpt":{"rendered":"<p>Verksamhet F\u00f6rel\u00e4sning om Sveriges roll i FNs s\u00e4kerhetsr\u00e5d p\u00e5 Mittuniversitetet Den 12 december h\u00f6lls en f\u00f6rel\u00e4sning av Victor Sundman om&hellip;<\/p>\n","protected":false},"author":88,"featured_media":0,"parent":0,"menu_order":0,"comment_status":"closed","ping_status":"closed","template":"templates\/template-sub.php","meta":{"_acf_changed":false,"footnotes":"","_links_to":"","_links_to_target":""},"class_list":["post-18","page","type-page","status-publish","hentry"],"acf":[],"_links":{"self":[{"href":"https:\/\/fn.se\/sundsvall-timra\/wp-json\/wp\/v2\/pages\/18","targetHints":{"allow":["GET"]}}],"collection":[{"href":"https:\/\/fn.se\/sundsvall-timra\/wp-json\/wp\/v2\/pages"}],"about":[{"href":"https:\/\/fn.se\/sundsvall-timra\/wp-json\/wp\/v2\/types\/page"}],"author":[{"embeddable":true,"href":"https:\/\/fn.se\/sundsvall-timra\/wp-json\/wp\/v2\/users\/88"}],"replies":[{"embeddable":true,"href":"https:\/\/fn.se\/sundsvall-timra\/wp-json\/wp\/v2\/comments?post=18"}],"version-history":[{"count":8,"href":"https:\/\/fn.se\/sundsvall-timra\/wp-json\/wp\/v2\/pages\/18\/revisions"}],"predecessor-version":[{"id":43,"href":"https:\/\/fn.se\/sundsvall-timra\/wp-json\/wp\/v2\/pages\/18\/revisions\/43"}],"wp:attachment":[{"href":"https:\/\/fn.se\/sundsvall-timra\/wp-json\/wp\/v2\/media?parent=18"}],"curies":[{"name":"wp","href":"https:\/\/api.w.org\/{rel}","templated":true}]}}