{"id":856,"date":"2022-03-21T16:20:40","date_gmt":"2022-03-21T15:20:40","guid":{"rendered":"https:\/\/fn.se\/stockholm50\/?page_id=856"},"modified":"2022-03-21T16:35:47","modified_gmt":"2022-03-21T15:35:47","slug":"varldsvattendagen-22-mars","status":"publish","type":"page","link":"https:\/\/fn.se\/stockholm50\/varldsvattendagen-22-mars\/","title":{"rendered":"V\u00e4rldsvattendagen 22 mars"},"content":{"rendered":"\n<p class=\"has-large-font-size\"><strong>V\u00e4rldsvattendagen 22 mars<\/strong><\/p>\n\n\n\n<p><strong>Den 22 mars fyller v\u00e4rldsvattendagen 30 \u00e5r. I \u00e5r \u00e4r v\u00e5rt grundvatten i fokus. Cirka 770 miljoner m\u00e4nniskor i v\u00e4rlden saknar tillg\u00e5ng till dricksvatten.<\/strong><\/p>\n\n\n\n<p>I \u00e5r \u00e4r det 50 \u00e5r sedan FN:s f\u00f6rsta milj\u00f6konferens om den m\u00e4nskliga milj\u00f6n h\u00f6lls i Stockholm 1972. Svenska FN-f\u00f6rbundet var starkt engagerat i konferensen. Som ett led i v\u00e5rt arbete med att lyfta de milj\u00f6relaterade delarna av Agenda 2030 och st\u00e4rka minnet av FN:s f\u00f6rsta milj\u00f6konferens engagerar vi oss under v\u00e5ren s\u00e4rskilt i fr\u00e5gor som har koppling till milj\u00f6n p\u00e5 v\u00e5r enda planet och hur vi kan hitta v\u00e4gar till en framtid d\u00e4r m\u00e4nniskan lever i harmoni med naturen.<\/p>\n\n\n\n<p><strong>M\u00e5nga saknar vatten<\/strong><br>Tillg\u00e5ng till s\u00f6tvatten \u00e4r en grundf\u00f6ruts\u00e4ttning f\u00f6r liv och h\u00e4lsa. Jorden best\u00e5r till 70 procent av vatten men bara cirka 2,5 procent \u00e4r s\u00f6tvatten. Det finns bland annat i floder och sj\u00f6ar men allra mest som grundvatten. N\u00e4r vi tar av grundvattnet f\u00f6r v\u00e5ra behov m\u00e5ste vi se till att inte ta f\u00f6r mycket.<\/p>\n\n\n\n<p>M\u00e5l 6 i Agenda 2030 handlar om att alla ska ha r\u00e4tt till rent vatten och bra toalettl\u00f6sningar. \u00c5r 2020 saknade fortfarande runt 770 miljoner m\u00e4nniskor tillg\u00e5ng till dricksvatten och 1,7 miljarder saknade grundl\u00e4ggande toalettl\u00f6sningar. V\u00e4rldens regeringar beh\u00f6ver kraftsamla f\u00f6r att alla m\u00e4nniskor p\u00e5 jorden ska ha tillg\u00e5ng till rent vatten och bra toalettl\u00f6sningar om \u00e5tta \u00e5r. \u00c4ven Sverige riskerar att drabbas av vattenbrist under torra och varma somrar.<\/p>\n\n\n\n<p><strong>Vattnet m\u00e5ste v\u00e4rnas<\/strong><br>Sj\u00f6ar, vattendrag, hav och grundvatten p\u00e5verkas av hur vi m\u00e4nniskor lever. Haven fylls med plast och f\u00f6roreningar och blir allt surare p\u00e5 grund av utsl\u00e4pp av v\u00e4xthusgaser. Ekosystemen i v\u00e5ra sj\u00f6ar och andra vattendrag f\u00f6rs\u00e4mras av kemikalier, l\u00e4kemedelsrester och \u00f6verg\u00f6dning fr\u00e5n avlopp och jordbruket. \u00d6stersj\u00f6n \u00e4r ett av v\u00e4rldens mest utsatta innanhav med d\u00f6da bottnar och hotade fiskebest\u00e5nd.<\/p>\n\n\n\n<p>P\u00e5 v\u00e4rldsvattendagen uppmanar vi alla att v\u00e4rna v\u00e5rt livsviktiga vatten genom att spara p\u00e5 det och inte f\u00f6rorena det med farliga utsl\u00e4pp i avloppet eller genom att kasta saker som till slut hamnar i havet.<\/p>\n\n\n\n<p>L\u00e4s mer p\u00e5 <a href=\"https:\/\/www.worldwaterday.org\/\">worldwaterday.org<\/a> och <a href=\"https:\/\/www.svensktvatten.se\/medlemsservice\/kampanjer\/varldsvattendagen\/\">svensktvatten.se<\/a>.<\/p>\n\n\n\n<p>#stockholm+50 #worldwaterday #onlyoneearth<\/p>\n","protected":false},"excerpt":{"rendered":"<p>V\u00e4rldsvattendagen 22 mars Den 22 mars fyller v\u00e4rldsvattendagen 30 \u00e5r. I \u00e5r \u00e4r v\u00e5rt grundvatten i fokus. Cirka 770 miljoner m\u00e4nniskor i v\u00e4rlden saknar tillg\u00e5ng till dricksvatten. I \u00e5r \u00e4r det 50 \u00e5r sedan FN:s f\u00f6rsta milj\u00f6konferens om den m\u00e4nskliga milj\u00f6n h\u00f6lls i Stockholm 1972. Svenska FN-f\u00f6rbundet var starkt engagerat i konferensen. Som ett led [&hellip;]<\/p>\n","protected":false},"author":248,"featured_media":0,"parent":0,"menu_order":0,"comment_status":"closed","ping_status":"closed","template":"","meta":{"_acf_changed":false,"footnotes":"","_links_to":"","_links_to_target":""},"class_list":["post-856","page","type-page","status-publish","hentry"],"acf":[],"_links":{"self":[{"href":"https:\/\/fn.se\/stockholm50\/wp-json\/wp\/v2\/pages\/856","targetHints":{"allow":["GET"]}}],"collection":[{"href":"https:\/\/fn.se\/stockholm50\/wp-json\/wp\/v2\/pages"}],"about":[{"href":"https:\/\/fn.se\/stockholm50\/wp-json\/wp\/v2\/types\/page"}],"author":[{"embeddable":true,"href":"https:\/\/fn.se\/stockholm50\/wp-json\/wp\/v2\/users\/248"}],"replies":[{"embeddable":true,"href":"https:\/\/fn.se\/stockholm50\/wp-json\/wp\/v2\/comments?post=856"}],"version-history":[{"count":7,"href":"https:\/\/fn.se\/stockholm50\/wp-json\/wp\/v2\/pages\/856\/revisions"}],"predecessor-version":[{"id":872,"href":"https:\/\/fn.se\/stockholm50\/wp-json\/wp\/v2\/pages\/856\/revisions\/872"}],"wp:attachment":[{"href":"https:\/\/fn.se\/stockholm50\/wp-json\/wp\/v2\/media?parent=856"}],"curies":[{"name":"wp","href":"https:\/\/api.w.org\/{rel}","templated":true}]}}