{"id":4272,"date":"2026-03-11T09:41:07","date_gmt":"2026-03-11T09:41:07","guid":{"rendered":"https:\/\/fn.se\/stockholm\/?page_id=4272"},"modified":"2026-04-17T12:01:32","modified_gmt":"2026-04-17T12:01:32","slug":"ulrica-olsson","status":"publish","type":"page","link":"https:\/\/fn.se\/stockholm\/ulrica-olsson\/","title":{"rendered":"ULRICA OLSSON"},"content":{"rendered":"\n<h1 class=\"wp-block-heading\">ULRICA OLSSON<\/h1>\n\n\n\n<figure class=\"wp-block-image size-large is-resized\"><img loading=\"lazy\" decoding=\"async\" width=\"767\" height=\"1024\" src=\"https:\/\/fn.se\/stockholm\/wp-content\/uploads\/sites\/32\/2026\/03\/IMG_20220624_193451-767x1024.jpg\" alt=\"\" class=\"wp-image-4479\" style=\"aspect-ratio:0.7490344477821558;width:200px;height:auto\" srcset=\"https:\/\/fn.se\/stockholm\/wp-content\/uploads\/sites\/32\/2026\/03\/IMG_20220624_193451-767x1024.jpg 767w, https:\/\/fn.se\/stockholm\/wp-content\/uploads\/sites\/32\/2026\/03\/IMG_20220624_193451-225x300.jpg 225w, https:\/\/fn.se\/stockholm\/wp-content\/uploads\/sites\/32\/2026\/03\/IMG_20220624_193451-768x1026.jpg 768w, https:\/\/fn.se\/stockholm\/wp-content\/uploads\/sites\/32\/2026\/03\/IMG_20220624_193451-1150x1536.jpg 1150w, https:\/\/fn.se\/stockholm\/wp-content\/uploads\/sites\/32\/2026\/03\/IMG_20220624_193451-1533x2048.jpg 1533w, https:\/\/fn.se\/stockholm\/wp-content\/uploads\/sites\/32\/2026\/03\/IMG_20220624_193451-650x868.jpg 650w, https:\/\/fn.se\/stockholm\/wp-content\/uploads\/sites\/32\/2026\/03\/IMG_20220624_193451-1024x1368.jpg 1024w, https:\/\/fn.se\/stockholm\/wp-content\/uploads\/sites\/32\/2026\/03\/IMG_20220624_193451-scaled.jpg 1916w\" sizes=\"auto, (max-width: 767px) 100vw, 767px\" \/><\/figure>\n\n\n\n<p><strong>Roll:<\/strong>&nbsp;Kass\u00f6r<\/p>\n\n\n\n<p><strong>Kontakt<\/strong>: kassor@unastockholm.se<\/p>\n\n\n\n<p><strong>Ansvarsomr\u00e5den:&nbsp;<\/strong>Programansvarig f\u00f6r M\u00e5ndagsseminarium<\/p>\n\n\n\n<p><strong>Varf\u00f6r har du valt att engagera dig i FN-r\u00f6relsen?<\/strong><br>Jag valde att engagera mig i FN-r\u00f6relsen d\u00e5 FN-stadgarna \u00e4r bland det viktigaste som finns lokalt, regionalt och globalt.<\/p>\n\n\n\n<p><strong>Vilket globalt m\u00e5l i Agenda 2030 brinner du lite extra f\u00f6r och varf\u00f6r?<\/strong><br>Jag brinner lite extra f\u00f6r M\u00e5l 11 &#8211; H\u00e5llbara st\u00e4der och samh\u00e4llen. Samh\u00e4llsbyggnad \u00e4r&nbsp; viktigt d\u00e5 det s\u00e4tter scenen d\u00e4r liven utspelas.<\/p>\n","protected":false},"excerpt":{"rendered":"<p>ULRICA OLSSON Roll:&nbsp;Kass\u00f6r Kontakt: kassor@unastockholm.se Ansvarsomr\u00e5den:&nbsp;Programansvarig f\u00f6r M\u00e5ndagsseminarium Varf\u00f6r har du valt att engagera dig i FN-r\u00f6relsen?Jag valde att engagera&hellip;<\/p>\n","protected":false},"author":86,"featured_media":0,"parent":0,"menu_order":0,"comment_status":"closed","ping_status":"closed","template":"","meta":{"_acf_changed":false,"footnotes":"","_links_to":"","_links_to_target":""},"class_list":["post-4272","page","type-page","status-publish","hentry"],"acf":[],"_links":{"self":[{"href":"https:\/\/fn.se\/stockholm\/wp-json\/wp\/v2\/pages\/4272","targetHints":{"allow":["GET"]}}],"collection":[{"href":"https:\/\/fn.se\/stockholm\/wp-json\/wp\/v2\/pages"}],"about":[{"href":"https:\/\/fn.se\/stockholm\/wp-json\/wp\/v2\/types\/page"}],"author":[{"embeddable":true,"href":"https:\/\/fn.se\/stockholm\/wp-json\/wp\/v2\/users\/86"}],"replies":[{"embeddable":true,"href":"https:\/\/fn.se\/stockholm\/wp-json\/wp\/v2\/comments?post=4272"}],"version-history":[{"count":5,"href":"https:\/\/fn.se\/stockholm\/wp-json\/wp\/v2\/pages\/4272\/revisions"}],"predecessor-version":[{"id":4563,"href":"https:\/\/fn.se\/stockholm\/wp-json\/wp\/v2\/pages\/4272\/revisions\/4563"}],"wp:attachment":[{"href":"https:\/\/fn.se\/stockholm\/wp-json\/wp\/v2\/media?parent=4272"}],"curies":[{"name":"wp","href":"https:\/\/api.w.org\/{rel}","templated":true}]}}