{"id":3531,"date":"2025-02-18T10:40:43","date_gmt":"2025-02-18T10:40:43","guid":{"rendered":"https:\/\/fn.se\/stockholm\/?page_id=3531"},"modified":"2025-02-27T12:38:34","modified_gmt":"2025-02-27T12:38:34","slug":"demokrati-i-dissonans","status":"publish","type":"page","link":"https:\/\/fn.se\/stockholm\/demokrati-i-dissonans\/","title":{"rendered":"Demokrati i Dissonans"},"content":{"rendered":"\n<h1 class=\"wp-block-heading\">Demokrati i Dissonans: Extremism, Civil Olydnad och Dialogens Roll<\/h1>\n\n\n\n<h2 class=\"wp-block-heading\">22 mars 2025<\/h2>\n\n\n\n<h3 class=\"wp-block-heading\">St\u00e5 upp f\u00f6r demokratin \u2013 delta i ett av \u00e5rets viktigaste evenemang!<\/h3>\n\n\n\n<p>I en tid d\u00e5 auktorit\u00e4ra krafter v\u00e4xer och demokratier utmanas som aldrig f\u00f6rr samarbetar Stockholms FN-f\u00f6rening med NGO Aikkiya och Folkuniversitetet och bjuder in dig till en dag f\u00f6r insikt, handling och samverkan. F\u00f6lj med oss den 22 mars 2025 och bli en del av r\u00f6relsen som st\u00e4rker demokratins fundament och motst\u00e5r polariseringens krafter.<\/p>\n\n\n\n<p><strong>Datum:<\/strong> L\u00f6rdag, 22 mars 2025&nbsp;&nbsp;<\/p>\n\n\n\n<p><strong>Tid:<\/strong> 10:30 \u2013 17:00&nbsp;&nbsp;<\/p>\n\n\n\n<p><strong>Plats:<\/strong> Folkuniversitetet, Kungstensgatan 45, Stockholm&nbsp;&nbsp;<\/p>\n\n\n\n<h3 class=\"wp-block-heading\">Program\u00f6versikt<\/h3>\n\n\n\n<p><strong>F\u00f6rel\u00e4sningar:<\/strong> Skarpa analyser och strategier fr\u00e5n ledande experter om demokratins framtid, extremismens hot, civil olydnad och dialogens roll.<\/p>\n\n\n\n<p><strong>Panelsamtal:<\/strong> Interaktiva diskussioner med talare och publik f\u00f6r att djupdyka i dagens mest kritiska fr\u00e5gor.<\/p>\n\n\n\n<p><strong>Workshops:<\/strong> Kreativa sessioner f\u00f6r att utveckla konkreta verktyg f\u00f6r att mobilisera samh\u00e4llsf\u00f6r\u00e4ndring.<\/p>\n\n\n\n<h3 class=\"wp-block-heading\">Ideation-Workshops \u2013 Datum och Tider<\/h3>\n\n\n\n<p>Torsdag 27 mars 2025 kl. 18:00 \u2013 21:00 | Folkuniversitetet&nbsp;&nbsp;<\/p>\n\n\n\n<p>S\u00f6ndag 30 mars 2025 kl. 14:00 \u2013 17:00 | Folkuniversitetet&nbsp;&nbsp;<\/p>\n\n\n\n<p>Torsdag 3 april 2025 kl. 18:00 \u2013 21:00 | Folkuniversitetet<\/p>\n\n\n\n<h3 class=\"wp-block-heading\">Anm\u00e4lan<\/h3>\n\n\n\n<p>S\u00e4kra din plats idag! Antalet platser \u00e4r begr\u00e4nsat och intresset stort. Anm\u00e4l dig och l\u00e4s mer p\u00e5 webbplatsen <a href=\"http:\/\/aikkiya.org\/demokrati-i-dissonans\" data-type=\"link\" data-id=\"aikkiya.org\/demokrati-i-dissonans\">h\u00e4r<\/a>! <\/p>\n\n\n\n<h2 class=\"wp-block-heading\">Nu \u00e4r tiden att agera. V\u00e4lkommen den 22 mars 2025 \u2013 tillsammans st\u00e4rker vi demokratin!<\/h2>\n\n\n\n<figure class=\"wp-block-image size-large\"><img loading=\"lazy\" decoding=\"async\" width=\"1024\" height=\"1024\" src=\"https:\/\/fn.se\/stockholm\/wp-content\/uploads\/sites\/32\/2025\/02\/2-1024x1024.jpg\" alt=\"\" class=\"wp-image-3532\" srcset=\"https:\/\/fn.se\/stockholm\/wp-content\/uploads\/sites\/32\/2025\/02\/2-1024x1024.jpg 1024w, https:\/\/fn.se\/stockholm\/wp-content\/uploads\/sites\/32\/2025\/02\/2-300x300.jpg 300w, https:\/\/fn.se\/stockholm\/wp-content\/uploads\/sites\/32\/2025\/02\/2-150x150.jpg 150w, https:\/\/fn.se\/stockholm\/wp-content\/uploads\/sites\/32\/2025\/02\/2-768x768.jpg 768w, https:\/\/fn.se\/stockholm\/wp-content\/uploads\/sites\/32\/2025\/02\/2-650x650.jpg 650w, https:\/\/fn.se\/stockholm\/wp-content\/uploads\/sites\/32\/2025\/02\/2.jpg 1080w\" sizes=\"auto, (max-width: 1024px) 100vw, 1024px\" \/><\/figure>\n\n\n\n<h2 class=\"wp-block-heading\">Talare<\/h2>\n\n\n\n<p>Det har blivit dags att presentera talarna under Demokrati i Dissonans, och vi b\u00f6rjar med Silva Mertsola, doktorand p\u00e5 Statsvetenskapliga Institutionen p\u00e5 Stockholms Universitet, som kommer tala om de grundl\u00e4ggande principerna f\u00f6r demokrati.<\/p>\n\n\n\n<figure class=\"wp-block-image size-large\"><img loading=\"lazy\" decoding=\"async\" width=\"1024\" height=\"1024\" src=\"https:\/\/fn.se\/stockholm\/wp-content\/uploads\/sites\/32\/2025\/02\/2-1-1024x1024.jpg\" alt=\"\" class=\"wp-image-3548\" srcset=\"https:\/\/fn.se\/stockholm\/wp-content\/uploads\/sites\/32\/2025\/02\/2-1-1024x1024.jpg 1024w, https:\/\/fn.se\/stockholm\/wp-content\/uploads\/sites\/32\/2025\/02\/2-1-300x300.jpg 300w, https:\/\/fn.se\/stockholm\/wp-content\/uploads\/sites\/32\/2025\/02\/2-1-150x150.jpg 150w, https:\/\/fn.se\/stockholm\/wp-content\/uploads\/sites\/32\/2025\/02\/2-1-768x768.jpg 768w, https:\/\/fn.se\/stockholm\/wp-content\/uploads\/sites\/32\/2025\/02\/2-1-650x650.jpg 650w, https:\/\/fn.se\/stockholm\/wp-content\/uploads\/sites\/32\/2025\/02\/2-1.jpg 1080w\" sizes=\"auto, (max-width: 1024px) 100vw, 1024px\" \/><\/figure>\n\n\n\n<p>V\u00e5r andra talare under Demokrati i Dissonans \u00e4r Jonas Trolle, tillf\u00f6rordnad Generaldirekt\u00f6r p\u00e5 Brottsf\u00f6rebyggande r\u00e5det (Br\u00e5) och tidigare chef f\u00f6r Center mot V\u00e5ldsbejakande extremism (CVE). Jonas kommer tala om extremismens p\u00e5verkan p\u00e5 demokrati<\/p>\n\n\n\n<figure class=\"wp-block-image size-large\"><img loading=\"lazy\" decoding=\"async\" width=\"1024\" height=\"1024\" src=\"https:\/\/fn.se\/stockholm\/wp-content\/uploads\/sites\/32\/2025\/02\/6-1024x1024.png\" alt=\"\" class=\"wp-image-3559\" srcset=\"https:\/\/fn.se\/stockholm\/wp-content\/uploads\/sites\/32\/2025\/02\/6-1024x1024.png 1024w, https:\/\/fn.se\/stockholm\/wp-content\/uploads\/sites\/32\/2025\/02\/6-300x300.png 300w, https:\/\/fn.se\/stockholm\/wp-content\/uploads\/sites\/32\/2025\/02\/6-150x150.png 150w, https:\/\/fn.se\/stockholm\/wp-content\/uploads\/sites\/32\/2025\/02\/6-768x768.png 768w, https:\/\/fn.se\/stockholm\/wp-content\/uploads\/sites\/32\/2025\/02\/6-650x650.png 650w, https:\/\/fn.se\/stockholm\/wp-content\/uploads\/sites\/32\/2025\/02\/6.png 1080w\" sizes=\"auto, (max-width: 1024px) 100vw, 1024px\" \/><\/figure>\n\n\n\n<p>V\u00e5r tredje talare under Demokrati i Dissonans \u00e4r Michael P\u00e5lsson, f\u00f6rfattare och styrelseledamot i Internationella Juristkommissionen (Sverige), som kommer att tala om civil olydnad som demokratiskt verktyg.<\/p>\n\n\n\n<figure class=\"wp-block-image size-large\"><img loading=\"lazy\" decoding=\"async\" width=\"1024\" height=\"1024\" src=\"https:\/\/fn.se\/stockholm\/wp-content\/uploads\/sites\/32\/2025\/02\/8-1024x1024.png\" alt=\"\" class=\"wp-image-3560\" srcset=\"https:\/\/fn.se\/stockholm\/wp-content\/uploads\/sites\/32\/2025\/02\/8-1024x1024.png 1024w, https:\/\/fn.se\/stockholm\/wp-content\/uploads\/sites\/32\/2025\/02\/8-300x300.png 300w, https:\/\/fn.se\/stockholm\/wp-content\/uploads\/sites\/32\/2025\/02\/8-150x150.png 150w, https:\/\/fn.se\/stockholm\/wp-content\/uploads\/sites\/32\/2025\/02\/8-768x768.png 768w, https:\/\/fn.se\/stockholm\/wp-content\/uploads\/sites\/32\/2025\/02\/8-650x650.png 650w, https:\/\/fn.se\/stockholm\/wp-content\/uploads\/sites\/32\/2025\/02\/8.png 1080w\" sizes=\"auto, (max-width: 1024px) 100vw, 1024px\" \/><\/figure>\n\n\n\n<p><\/p>\n","protected":false},"excerpt":{"rendered":"<p>Demokrati i Dissonans: Extremism, Civil Olydnad och Dialogens Roll 22 mars 2025 St\u00e5 upp f\u00f6r demokratin \u2013 delta i ett&hellip;<\/p>\n","protected":false},"author":86,"featured_media":0,"parent":0,"menu_order":0,"comment_status":"closed","ping_status":"closed","template":"","meta":{"_acf_changed":false,"footnotes":"","_links_to":"","_links_to_target":""},"class_list":["post-3531","page","type-page","status-publish","hentry"],"acf":[],"_links":{"self":[{"href":"https:\/\/fn.se\/stockholm\/wp-json\/wp\/v2\/pages\/3531","targetHints":{"allow":["GET"]}}],"collection":[{"href":"https:\/\/fn.se\/stockholm\/wp-json\/wp\/v2\/pages"}],"about":[{"href":"https:\/\/fn.se\/stockholm\/wp-json\/wp\/v2\/types\/page"}],"author":[{"embeddable":true,"href":"https:\/\/fn.se\/stockholm\/wp-json\/wp\/v2\/users\/86"}],"replies":[{"embeddable":true,"href":"https:\/\/fn.se\/stockholm\/wp-json\/wp\/v2\/comments?post=3531"}],"version-history":[{"count":7,"href":"https:\/\/fn.se\/stockholm\/wp-json\/wp\/v2\/pages\/3531\/revisions"}],"predecessor-version":[{"id":3562,"href":"https:\/\/fn.se\/stockholm\/wp-json\/wp\/v2\/pages\/3531\/revisions\/3562"}],"wp:attachment":[{"href":"https:\/\/fn.se\/stockholm\/wp-json\/wp\/v2\/media?parent=3531"}],"curies":[{"name":"wp","href":"https:\/\/api.w.org\/{rel}","templated":true}]}}