{"id":26,"date":"2019-05-13T17:04:18","date_gmt":"2019-05-13T17:04:18","guid":{"rendered":"http:\/\/fn.se\/stockholm\/?page_id=26"},"modified":"2026-04-22T08:42:25","modified_gmt":"2026-04-22T08:42:25","slug":"aktuellt","status":"publish","type":"page","link":"https:\/\/fn.se\/stockholm\/aktuellt\/","title":{"rendered":"Engagera dig &amp; Evenemang"},"content":{"rendered":"\n<h1 class=\"wp-block-heading\"><strong>ENGAGERA DIG<\/strong><\/h1>\n\n\n\n<p>Vill du vara med och g\u00f6ra skillnad? Stockholms FN-f\u00f6rening v\u00e4lkomnar alla som vill bidra till arbetet f\u00f6r en mer h\u00e5llbar, r\u00e4ttvis och fredlig v\u00e4rld. Genom v\u00e5rt engagemang sprider vi kunskap om FN:s arbete och skapar m\u00f6tesplatser f\u00f6r samtal, l\u00e4rande och handling.<\/p>\n\n\n\n<p>Du kan engagera dig p\u00e5 flera s\u00e4tt. Antingen kan du vara medlem genom att helt enkelt delta i v\u00e5ra aktiviteter eller vara mer aktiv och hj\u00e4lpa till att planera evenemang, skriva artiklar, bidra till kommunikationen i v\u00e5ra sociala medier eller komma med egna id\u00e9er och initiativ. Tillsammans kan vi bidra till \u00f6kad kunskap, engagemang och f\u00f6r\u00e4ndring!<\/p>\n\n\n\n<p>Intresserad av att engagera dig? F\u00f6lj denna <a href=\"https:\/\/docs.google.com\/forms\/d\/e\/1FAIpQLSefmVtgHIE-Gc-R9TMEZ7Rqz_DcPl_ihHgVRcOqY9dTXVlF-A\/viewform?usp=header\" data-type=\"link\" data-id=\"https:\/\/docs.google.com\/forms\/d\/e\/1FAIpQLSefmVtgHIE-Gc-R9TMEZ7Rqz_DcPl_ihHgVRcOqY9dTXVlF-A\/viewform?usp=header\">l\u00e4nk<\/a> s\u00e5 kontaktar vi dig! <\/p>\n\n\n\n<p><\/p>\n\n\n\n<hr class=\"wp-block-separator has-css-opacity\" \/>\n\n\n\n<h1 class=\"wp-block-heading\"><strong>AKTUELL VERKSAMHET<\/strong><\/h1>\n\n\n\n<p>Nedan finner du information om v\u00e5r <strong>aktuella verksamhet<\/strong>. Som medlem i Stockholms FN-f\u00f6rening har du m\u00f6jlighet att delta och n\u00e4rvara p\u00e5 alla v\u00e5ra aktiviteter och event. Vi skickar ut inbjudningar via e-post, samt publicerar evenemanget p\u00e5 v\u00e5r Facebook- och Instagramsida.<\/p>\n\n\n\n<p>Om du \u00e4r nyfiken p\u00e5 \u00e4nnu fler aktiviteter, rekommenderas det att \u00e4ven kolla in <a href=\"https:\/\/fn.se\/stockholm\/ungdomssektionen\/\">ungdomssektionen<\/a> och <a href=\"https:\/\/fn.se\/stockholm\/studentsektionen\/\">studentsektionens<\/a> aktuella h\u00e4ndelser. <\/p>\n\n\n\n<p>Klicka p\u00e5 <a href=\"https:\/\/fn.se\/stockholm\/arkiv\/\">Arkiv&nbsp;<\/a>f\u00f6r att l\u00e4sa om tidigare \u00e5rs aktiviteter och verksamhetsber\u00e4ttelser!<\/p>\n\n\n\n<h1 class=\"wp-block-heading\"><strong>2026<\/strong><\/h1>\n\n\n\n<p><strong><span style=\"text-decoration: underline\">V\u00e5rterminen 2026<\/span><\/strong><\/p>\n\n\n\n<p><strong>10 januari:<\/strong> Medlemsm\u00f6te och kl\u00e4dbytardag<\/p>\n\n\n\n<p><strong>29 januari:<\/strong> Digitalt evenemang tillsammans med Hello H\u00e4lsa<\/p>\n\n\n\n<p><strong>2 februari: <\/strong>M\u00e5ndagsseminarium: Civilsamh\u00e4llets roll som Demokratins V\u00e4ktare. L\u00e4s mer <a href=\"https:\/\/fn.se\/stockholm\/mandagsseminarium\/\" data-type=\"page\" data-id=\"3966\">h\u00e4r<\/a>!<\/p>\n\n\n\n<p><strong>19 februari:<\/strong> \u00c5rsm\u00f6te!<\/p>\n\n\n\n<p><strong>24 februari: <\/strong>Manifestation f\u00f6r Ukraina p\u00e5 \u00e5rsdagen av den fullskaliga ryska invasionen <\/p>\n\n\n\n<p><strong>2 mars: <\/strong>M\u00e5ndagsseminarium: Scenkonstens roll som Demokratins V\u00e4ktare. L\u00e4s mer <a href=\"https:\/\/fn.se\/stockholm\/mandagsseminarium\/\" data-type=\"page\" data-id=\"3966\">h\u00e4r<\/a>!<\/p>\n\n\n\n<p><strong>9 mars: <\/strong>Internationella kvinnodagen: panelsamtal om kvinnor, fred och s\u00e4kerhet. L\u00e4s mer <a href=\"https:\/\/fn.se\/stockholm\/panelsamtal-om-kvinnor-fred-och-sakerhet\/\" data-type=\"page\" data-id=\"4006\">h\u00e4r<\/a>!<\/p>\n\n\n\n<p><strong>11 mars: <\/strong>Webbinarium med Helo H\u00e4lsa &#8221;Skapa h\u00e5llbar motivation p\u00e5 jobbet&#8221;. L\u00e4s mer och anm\u00e4l dig <a href=\"https:\/\/www.helohalsa.com\/program\/webinarium-hllbar-motivation-p-jobbet\">h\u00e4r<\/a>!<\/p>\n\n\n\n<p><strong>21 mars:<\/strong> Demokrati i Dissonans 2.0. L\u00e4s mer och anm\u00e4l dig <a href=\"https:\/\/aikkiya.org\/demokrati-i-dissonans-2-0\/\">h\u00e4r<\/a>!<\/p>\n\n\n\n<p><strong>13 april:<\/strong> M\u00e5ndagsseminarium: Det skrivna ordet och musikens roll som Demokratins V\u00e4ktare. L\u00e4s mer <a href=\"https:\/\/fn.se\/stockholm\/mandagsseminarium\/\" data-type=\"page\" data-id=\"3966\">h\u00e4r<\/a>!<\/p>\n\n\n\n<p><strong>18 april: <\/strong>Kl\u00e4dbytardag med ungdomssektionen. L\u00e4s mer <a href=\"https:\/\/www.instagram.com\/p\/DWUjisiAks1\/?img_index=1\">h\u00e4r<\/a>!<\/p>\n\n\n\n<p><strong>4 maj: <\/strong>M\u00e5ndagsseminarium: Institutionernas roll som Demokratins V\u00e4ktare. L\u00e4s mer <a href=\"https:\/\/fn.se\/stockholm\/mandagsseminarium\/\" data-type=\"page\" data-id=\"3966\">h\u00e4r<\/a>!<\/p>\n\n\n\n<p><strong>11 maj: <\/strong>Greenwashing-event.<\/p>\n\n\n\n<p><strong>1 juni: <\/strong>M\u00e5ndagsseminarium: \u00c4r det en demokrati n\u00e4r 4% av befolkningen \u00e4r med i ett politiskt parti? L\u00e4s mer <a href=\"https:\/\/fn.se\/stockholm\/mandagsseminarium\/\" data-type=\"page\" data-id=\"3966\">h\u00e4r<\/a>!<\/p>\n\n\n\n<hr class=\"wp-block-separator has-css-opacity\" \/>\n\n\n\n<h1 class=\"wp-block-heading\"><strong>2025 <\/strong><\/h1>\n\n\n\n<p><strong><span style=\"text-decoration: underline\">H\u00f6stterminen 2025<\/span><\/strong><\/p>\n\n\n\n<p><strong>22<\/strong> <strong>deptember:<\/strong> Var med och uppm\u00e4rksamma Fredsdagen med oss. L\u00e4s mer <a href=\"https:\/\/fn.se\/stockholm\/hur-uppnar-vi-fred\/\" data-type=\"page\" data-id=\"3728\">h\u00e4r<\/a>!<\/p>\n\n\n\n<p><strong>9 oktober:<\/strong> &nbsp;Nominera mottagare till \u00e5rets MR-diplom. L\u00e4s mer <a href=\"https:\/\/fn.se\/stockholm\/2025\/10\/17\/%e2%9c%a8-nominera-mottagare-till-arets-mr-diplom-%e2%9c%a8\/\" data-type=\"link\" data-id=\"https:\/\/fn.se\/stockholm\/2025\/10\/17\/%e2%9c%a8-nominera-mottagare-till-arets-mr-diplom-%e2%9c%a8\/\">h\u00e4r<\/a>!<\/p>\n\n\n\n<p><strong>11 oktober:<\/strong> Spring f\u00f6r h\u00e4lsa och heml\u00f6shet. L\u00e4s mer <a href=\"https:\/\/fn.se\/stockholm\/2025\/10\/13\/spring-for-halsa-och-hemloshet\/\" data-type=\"link\" data-id=\"https:\/\/fn.se\/stockholm\/2025\/10\/13\/spring-for-halsa-och-hemloshet\/\">h\u00e4r<\/a>!<\/p>\n\n\n\n<p><strong>20 oktober:<\/strong> Webbinairum om bostadsbrist och h\u00e4lsa med forskare Lenita Kefala och Carina Listerborn. Se mer <a href=\"https:\/\/fn.se\/stockholm\/2025\/10\/13\/webbinarium-20-oktober-om-bostadsbrist-och-halsa-med-forskare-lenita-kefala-och-carina-listerborn\/\" data-type=\"post\" data-id=\"3816\">h\u00e4r<\/a>!<\/p>\n\n\n\n<p><strong>23 oktober:<\/strong> FN fyller 80 \u00e5r! Var med och fira dagen tillsammans med oss p\u00e5 ABF-huset. L\u00e4s mer <a href=\"https:\/\/fn.se\/stockholm\/2025\/11\/13\/sammanfattning-av-fn-dagsseminariet-2025\/\" data-type=\"link\" data-id=\"https:\/\/fn.se\/stockholm\/2025\/11\/13\/sammanfattning-av-fn-dagsseminariet-2025\/\">h\u00e4r<\/a>!<\/p>\n\n\n\n<p><strong>29 november:<\/strong> Medlemsm\u00f6te och kl\u00e4dbytardag. L\u00e4s mer <a href=\"https:\/\/fn.se\/stockholm\/2025\/11\/10\/medlemsmote-och-kladbytardag\/\" data-type=\"link\" data-id=\"https:\/\/fn.se\/stockholm\/2025\/11\/10\/medlemsmote-och-kladbytardag\/\">h\u00e4r<\/a>!<\/p>\n\n\n\n<p><strong>9-10 december: <\/strong>M\u00e4nskliga R\u00e4ttighetsdagarna. L\u00e4s mer <a href=\"https:\/\/fn.se\/stockholm\/2025\/11\/20\/manskliga-rattighetsdagarna\/\" data-type=\"link\" data-id=\"https:\/\/fn.se\/stockholm\/2025\/11\/20\/manskliga-rattighetsdagarna\/\">h\u00e4r<\/a>!<\/p>\n\n\n\n<p><strong>10 december: <\/strong>Stockholms FN-f\u00f6renings Diplomutdelning. L\u00e4s mer <a href=\"https:\/\/fn.se\/stockholm\/2025\/12\/04\/stockholms-fn-forenings-diplomutdelning%e2%9c%a8\/\" data-type=\"post\" data-id=\"3914\">h\u00e4r<\/a>!<\/p>\n\n\n\n<p><strong><span style=\"text-decoration: underline\">V\u00e5rterminen 2025<\/span><\/strong><\/p>\n\n\n\n<p><strong>18 februari:<\/strong> \u00c5rsm\u00f6te! L\u00e4s mer <a href=\"https:\/\/fn.se\/stockholm\/\" data-type=\"page\" data-id=\"2\">h\u00e4r<\/a>!<\/p>\n\n\n\n<p><strong>24 februari:<\/strong> Tre\u00e5rsdagen f\u00f6r Rysslands invasion av Ukraina. Stockholms FN-f\u00f6rening kommer att vara p\u00e5 demonstrationen som anordnas p\u00e5 Sergels torg kl. 18.<\/p>\n\n\n\n<p><strong>22 mars:<\/strong>&nbsp;Uppstarten av projektet <strong><em>Demokrati i Dissonans<\/em><\/strong> som Stockholms FN-f\u00f6rening anordnar tillsammans med NGO Aikkiya och Folkuniversitetet sker i form av en dag med f\u00f6rel\u00e4sningar, panelsamtal och networking om demokratins tillst\u00e5nd i Sverige. L\u00e4s mer <a href=\"https:\/\/fn.se\/stockholm\/demokrati-i-dissonans\/\" data-type=\"page\" data-id=\"3531\">h\u00e4r<\/a>!<\/p>\n","protected":false},"excerpt":{"rendered":"<p>ENGAGERA DIG Vill du vara med och g\u00f6ra skillnad? Stockholms FN-f\u00f6rening v\u00e4lkomnar alla som vill bidra till arbetet f\u00f6r en&hellip;<\/p>\n","protected":false},"author":1,"featured_media":2334,"parent":0,"menu_order":0,"comment_status":"closed","ping_status":"closed","template":"templates\/template-sub.php","meta":{"_acf_changed":false,"footnotes":"","_links_to":"","_links_to_target":""},"class_list":["post-26","page","type-page","status-publish","has-post-thumbnail","hentry"],"acf":[],"_links":{"self":[{"href":"https:\/\/fn.se\/stockholm\/wp-json\/wp\/v2\/pages\/26","targetHints":{"allow":["GET"]}}],"collection":[{"href":"https:\/\/fn.se\/stockholm\/wp-json\/wp\/v2\/pages"}],"about":[{"href":"https:\/\/fn.se\/stockholm\/wp-json\/wp\/v2\/types\/page"}],"author":[{"embeddable":true,"href":"https:\/\/fn.se\/stockholm\/wp-json\/wp\/v2\/users\/1"}],"replies":[{"embeddable":true,"href":"https:\/\/fn.se\/stockholm\/wp-json\/wp\/v2\/comments?post=26"}],"version-history":[{"count":449,"href":"https:\/\/fn.se\/stockholm\/wp-json\/wp\/v2\/pages\/26\/revisions"}],"predecessor-version":[{"id":4570,"href":"https:\/\/fn.se\/stockholm\/wp-json\/wp\/v2\/pages\/26\/revisions\/4570"}],"wp:featuredmedia":[{"embeddable":true,"href":"https:\/\/fn.se\/stockholm\/wp-json\/wp\/v2\/media\/2334"}],"wp:attachment":[{"href":"https:\/\/fn.se\/stockholm\/wp-json\/wp\/v2\/media?parent=26"}],"curies":[{"name":"wp","href":"https:\/\/api.w.org\/{rel}","templated":true}]}}