{"id":2,"date":"2016-02-17T11:57:38","date_gmt":"2016-02-17T11:57:38","guid":{"rendered":"http:\/\/fn.se\/kristinehamn\/?page_id=2"},"modified":"2024-02-08T09:55:02","modified_gmt":"2024-02-08T09:55:02","slug":"sample-page","status":"publish","type":"page","link":"https:\/\/fn.se\/kristinehamn\/","title":{"rendered":"Hem"},"content":{"rendered":"<h1><img loading=\"lazy\" decoding=\"async\" class=\"size-full wp-image-9 alignright\" src=\"https:\/\/fn.se\/kristinehamn\/wp-content\/uploads\/sites\/31\/2016\/02\/SFN_F\u00d6RENING_Kristinehamns.jpg\" alt=\"sfn_logopayoff_pos_right\" width=\"117\" height=\"291\" \/>V\u00e4lkommen till Kristinehamns FN-f\u00f6rening!<\/h1>\n<p>Kristinehamns FN-f\u00f6rening \u00e4r en del av den svenska FN-r\u00f6relsen och knuten till Svenska FN-f\u00f6rbundet. F\u00f6reningen \u00e4r partipolitiskt och religi\u00f6st obunden. All verksamhet bygger p\u00e5 lokala och n\u00e4ra krafter, vi t\u00e4nker globalt men handlar n\u00e4ra och lokalt. I v\u00e5r r\u00f6relse levandeg\u00f6rs visioner. Id\u00e9er formas om hur internationellt samarbete kan fr\u00e4mjas. Det \u00e4r berikande p\u00e5 m\u00e5nga s\u00e4tt.<\/p>\n<p>H\u00e4r f\u00e5r du m\u00f6jlighet att m\u00f6ta nya m\u00e4nniskor, l\u00e4ra dig mer om FN och internationella fr\u00e5gor, arbeta med insamlingsprojekt, p\u00e5verka och framf\u00f6r allt bidra till det viktiga arbetet f\u00f6r en b\u00e4ttre v\u00e4rld.<\/p>\n<p>Vi beh\u00f6ver FN! FN beh\u00f6ver dig! <a href=\"https:\/\/betalning.fn.se\/pfs\/memberregistration\/\">V\u00e4lkommen som medlem i v\u00e5r f\u00f6rening!<\/a><\/p>\n<h2 class=\"wp-block-heading\">V\u00e5rens program 2024<\/h2>\n<p><strong>M\u00e5ndag den 29 januari kl. 18.30.<\/strong>\u00a0<strong>Bibliotekets h\u00f6rsal. Fri entr\u00e9.<\/strong><br \/>\n<em>Aktuellt om k\u00e4rnvapen: Farliga myter. Vad har h\u00e4nt i FN senaste \u00e5ret? Vad kan Sverige g\u00f6ra?<\/em><br \/>\nVendela Englund Burnett, ordf\u00f6rande i Svenska L\u00e4kare Mot K\u00e4rnvapen.<br \/>\nL\u00e4s referatet h\u00e4r: <a href=\"https:\/\/fn.se\/kristinehamn\/wp-content\/uploads\/sites\/31\/2024\/02\/Svenska-Lakare-mot-Karnvapen.pdf\"><em>Svenska L\u00e4kare mot K\u00e4rnvapen<\/em><\/a><\/p>\n<p><strong>M\u00e5ndag den 26 februari kl. 18.30. F\u00f6reningslokalen,<\/strong> Spelmansgatan 13, Kristinehamn (Tempelriddarnas hus).<br \/>\n<em>\u00c5rsm\u00f6te.<\/em><\/p>\n<p><strong>Onsdag den 11 mars kl. 18.30. Bibliotekets h\u00f6rsal. Fri entr\u00e9.<\/strong><br \/>\n<em>V\u00e4rmlands Kvinnor i politiken \u2013 r\u00f6str\u00e4ttspionj\u00e4rerna och de som kom efter.<\/em><br \/>\nAnna-Karin Worland, Karlstad, frilansjournalist och Berit Sande, f.d. arkivchef.<\/p>\n<p><strong>M\u00e5ndag 15 april kl. 18.30 Bibliotekets h\u00f6rsal. Fri entr\u00e9.<\/strong><br \/>\n<em>Israel-Palestinakonflikten.<\/em><br \/>\nNils Eliasson, f.d. ambassad\u00f6r<\/p>\n<p><strong>M\u00e5ndag 6 maj kl. 18.30. Bibliotekets h\u00f6rsal. Fri entr\u00e9.<\/strong><br \/>\n<em>Sverige under andra v\u00e4rldskriget.<\/em><br \/>\nHenrik Berggren, f\u00f6rfattare, historiker. I samarbete med Kristinehamns bibliotek.<\/p>\n<h2 class=\"wp-block-heading\">Tidigare program och referat fr\u00e5n v\u00e5ra evenemang<br \/>\nH\u00f6sten 2023<\/h2>\n<p><strong>M\u00e5ndagen den 11 september kl 18:30<\/strong><br \/>\n<em><a href=\"https:\/\/fn.se\/wp-content\/uploads\/2023\/12\/Barnkonventionen.pdf\">Barnkonventionen \u2013 fr\u00e5n Eglantyne Jebb 1919 till Svensk lag 2020.<\/a><\/em><br \/>\nMonica Ekstr\u00f6m, vice ordf\u00f6rande i Brottsofferjouren Sverige och ordf\u00f6rande i Funktionsr\u00e4tt V\u00e4rmland.<\/p>\n<p><strong>M\u00e5ndagen den 9 oktober kl 18:30<\/strong><br \/>\n<em><a href=\"https:\/\/fn.se\/wp-content\/uploads\/2023\/12\/Agera-Varmland.pdf\">Fr\u00e4mlingsfientlighet &amp; rasism p\u00e5 v\u00e4rml\u00e4ndska \u2013 en l\u00e4gesbeskrivning<\/a><\/em><br \/>\nLars Stiernel\u00f6f, Agera V\u00e4rmland, samordnare i arbetet mot v\u00e5ldsbejakande extremism.<\/p>\n<p><strong>M\u00e5ndagen den 20 november kl 18:30<br \/>\n<\/strong><em><a href=\"https:\/\/fn.se\/wp-content\/uploads\/2023\/12\/Klimatkrisen-och-vagen-framat.pdf\">Klimatkrisen och v\u00e4gen fram\u00e5t<\/a><\/em><br \/>\nErika Bjerstr\u00f6m, SVTs klimatkorrespondent och f\u00f6rfattare, har i \u00e5rtionden rest i v\u00e4rlden och skildrat de stora h\u00e4ndelserna, ofta genom m\u00f6ten med de m\u00e4nniskor som ber\u00f6rs.<br \/>\nI samarbete med S\u00e4llskapet f\u00f6r Naturskydd Kristinehamn.<\/p>\n<p><strong>Lokal<\/strong>: Bibliotekets h\u00f6rsal f\u00f6r samtliga evenemang.<br \/>\nFri entr\u00e9<\/p>\n<h2>V\u00e5rens program 2023<\/h2>\n<p><strong>M\u00e5ndag den 30 januari kl 18:30<\/strong>. Lokal: Bibliotekets h\u00f6rsal.<br \/>\nFri entr\u00e9.<br \/>\n<em>Far fick aldrig g\u00e5 p\u00e5 vatten.\u00a0<\/em>D&#8217;amour D. Nordkvist ber\u00e4ttar om sitt liv och sin bok. Civilekonom, uppvuxen i Rqanda, studier vid University of Sun Yat-sen i Kina, bosatt i V\u00e4rmland.<\/p>\n<p><strong>M\u00e5ndag den 20 februari kl. 18:30<\/strong>. Lokal: Bibliotekets h\u00f6rsal.<br \/>\nFri entr\u00e9.<br \/>\n\u00c5rsm\u00f6te.<\/p>\n<p><strong>M\u00e5ndag den 28 mars kl. 18:30<\/strong>. Lokal: Bibliotekets h\u00f6rsal.<br \/>\nFri entr\u00e9.<br \/>\n<em>&#8221;Vi och dom&#8221;: Bengt Jangfeldt talar om Ryssland som id\u00e9.<br \/>\n<\/em>Bengt Jangfeldt, f\u00f6rfattare, Rysslandsk\u00e4nnare.<br \/>\nI samarbete med Kristinehamns bibliotek.<\/p>\n<p><strong>M\u00e5ndag den 8 maj kl. 18:30<\/strong>. Lokal: Bibliotekets h\u00f6rsal.<br \/>\nFri entr\u00e9.<br \/>\n<em>Naturen vi \u00e4rvde. Fr\u00e5n Tyst v\u00e5r till het sommar.\u00a0<\/em>Henrik Ekman, f\u00f6rfattare, journalist och fotograf med inriktning p\u00e5 natur och vetenskap och presentat\u00f6r av naturprogram p\u00e5 SVT.<br \/>\nI samarbete med Kristinehamns bibliotek.<\/p>\n<p><strong>Utst\u00e4llning i Kristinehamns bibliotek den 2-30 mars.<\/strong><\/p>\n<h2>Kontakt<\/h2>\n<p>Vid fr\u00e5gor kontakta g\u00e4rna f\u00f6reningens ordf\u00f6rande Tedde Gyllenstedt.<br \/>\n<strong>E-post:<\/strong> <a href=\"mailto:tedde.gyllenstedt@gmail.com\">tedde.gyllenstedt@gmail.com<\/a><br \/>\n<strong>Telefon:<\/strong> 070-550 55 14<\/p>\n","protected":false},"excerpt":{"rendered":"<p>V\u00e4lkommen till Kristinehamns FN-f\u00f6rening! Kristinehamns FN-f\u00f6rening \u00e4r en del av den svenska FN-r\u00f6relsen och knuten till Svenska FN-f\u00f6rbundet. F\u00f6reningen \u00e4r&hellip;<\/p>\n","protected":false},"author":1,"featured_media":8,"parent":0,"menu_order":0,"comment_status":"closed","ping_status":"open","template":"templates\/template-sub.php","meta":{"_acf_changed":false,"footnotes":"","_links_to":"","_links_to_target":""},"class_list":["post-2","page","type-page","status-publish","has-post-thumbnail","hentry"],"acf":[],"_links":{"self":[{"href":"https:\/\/fn.se\/kristinehamn\/wp-json\/wp\/v2\/pages\/2","targetHints":{"allow":["GET"]}}],"collection":[{"href":"https:\/\/fn.se\/kristinehamn\/wp-json\/wp\/v2\/pages"}],"about":[{"href":"https:\/\/fn.se\/kristinehamn\/wp-json\/wp\/v2\/types\/page"}],"author":[{"embeddable":true,"href":"https:\/\/fn.se\/kristinehamn\/wp-json\/wp\/v2\/users\/1"}],"replies":[{"embeddable":true,"href":"https:\/\/fn.se\/kristinehamn\/wp-json\/wp\/v2\/comments?post=2"}],"version-history":[{"count":17,"href":"https:\/\/fn.se\/kristinehamn\/wp-json\/wp\/v2\/pages\/2\/revisions"}],"predecessor-version":[{"id":82,"href":"https:\/\/fn.se\/kristinehamn\/wp-json\/wp\/v2\/pages\/2\/revisions\/82"}],"wp:featuredmedia":[{"embeddable":true,"href":"https:\/\/fn.se\/kristinehamn\/wp-json\/wp\/v2\/media\/8"}],"wp:attachment":[{"href":"https:\/\/fn.se\/kristinehamn\/wp-json\/wp\/v2\/media?parent=2"}],"curies":[{"name":"wp","href":"https:\/\/api.w.org\/{rel}","templated":true}]}}