{"id":50,"date":"2016-10-07T10:59:55","date_gmt":"2016-10-07T10:59:55","guid":{"rendered":"http:\/\/fn.se\/haparanda\/?page_id=50"},"modified":"2016-10-07T10:59:55","modified_gmt":"2016-10-07T10:59:55","slug":"invandrarstipendiet-ar-2008","status":"publish","type":"page","link":"https:\/\/fn.se\/haparanda\/invandrarstipendiet-ar-2008\/","title":{"rendered":"Invandrarstipendiet \u00e5r 2008"},"content":{"rendered":"<h1>Invandrarstipendiet \u00e5r 2008<\/h1>\n<p class=\"intro\">F\u00f6r att motverka fr\u00e4mlingsfientlighet och uppm\u00e4rksamma alla v\u00e5ra duktiga invandrare utdelar Haparanda FN-F\u00f6rening ett invandrarstipendium till en invandrarfamilj som under en l\u00e4ngre tid- s\u00e4rskilt- p\u00e5 ett positivt s\u00e4tt utm\u00e4rkt sig i v\u00e5rt samh\u00e4lle.<\/p>\n<div id=\"attachment_51\" style=\"width: 245px\" class=\"wp-caption alignright\"><img loading=\"lazy\" decoding=\"async\" aria-describedby=\"caption-attachment-51\" class=\"wp-image-51 size-full\" src=\"https:\/\/fn.se\/haparanda\/wp-content\/uploads\/sites\/17\/2016\/10\/Haparanda-Familjen-Fehmi.jpg\" alt=\"haparanda-familjen-fehmi\" width=\"235\" height=\"176\" \/><p id=\"caption-attachment-51\" class=\"wp-caption-text\">Familjen Fehmi<\/p><\/div>\n<p>Fehmi \u00e4r f\u00f6dd i den lilla byn Kalaat-Sinan i Tunisien. Fru Katri kommer fr\u00e5n Finland. Barnen heter Rania (8 \u00e5r) och Rami (2 \u00e5r).<\/p>\n<p>Fehmi kom f\u00f6rst till Bor\u00e5s. D\u00e4r l\u00e4rde han sig att k\u00f6ra buss och lastbil . Han l\u00e4rde sig snabbt svenska. Modersm\u00e5let \u00e4r arabiska och franska. Fehmi arbetade som busschauff\u00f6r i Haparanda i ca 15 \u00e5r. Han trivs j\u00e4ttebra med jobbet och m\u00e4nniskorna<\/p>\n<p>Extra. Mor o Far \u00e4ven i Sverige (svenska \u201dplastf\u00f6r\u00e4ldrar\u201d)<\/p>\n<h2>Meriter:<\/h2>\n<p>Alla som \u00e5kt i Fehmis bussar anser att han \u00e4r v\u00e4rldens trevligaste, omt\u00e4nksammaste och mest serviceinriktade busschauff\u00f6r. Kort sagt, alla \u00e4lskar Fehmi. Styrkan till sin v\u00e4nlighet h\u00e4mtar han hemma hos sin underbara familj.<\/p>\n<p>Familjen \u00e4r en prydnad och ett f\u00f6red\u00f6me f\u00f6r alla invandrare. Vi beh\u00f6ver alla varandra. Ett Stort V\u00e4lkommen till fam. Madi till Haparanda.<\/p>\n<p>Mycket v\u00e4rdiga och v\u00e4lmeriterade att motta \u00e5rets invandrarstipendium.<\/p>\n<p>Haparanda den 9 oktober 2008<\/p>\n<p>Haparanda FN-F\u00f6rening<br \/>\nStyrelsen<\/p>\n","protected":false},"excerpt":{"rendered":"<p>Invandrarstipendiet \u00e5r 2008 F\u00f6r att motverka fr\u00e4mlingsfientlighet och uppm\u00e4rksamma alla v\u00e5ra duktiga invandrare utdelar Haparanda FN-F\u00f6rening ett invandrarstipendium till en&hellip;<\/p>\n","protected":false},"author":17,"featured_media":0,"parent":0,"menu_order":0,"comment_status":"closed","ping_status":"closed","template":"templates\/template-sub.php","meta":{"_acf_changed":false,"footnotes":"","_links_to":"","_links_to_target":""},"class_list":["post-50","page","type-page","status-publish","hentry"],"acf":[],"_links":{"self":[{"href":"https:\/\/fn.se\/haparanda\/wp-json\/wp\/v2\/pages\/50","targetHints":{"allow":["GET"]}}],"collection":[{"href":"https:\/\/fn.se\/haparanda\/wp-json\/wp\/v2\/pages"}],"about":[{"href":"https:\/\/fn.se\/haparanda\/wp-json\/wp\/v2\/types\/page"}],"author":[{"embeddable":true,"href":"https:\/\/fn.se\/haparanda\/wp-json\/wp\/v2\/users\/17"}],"replies":[{"embeddable":true,"href":"https:\/\/fn.se\/haparanda\/wp-json\/wp\/v2\/comments?post=50"}],"version-history":[{"count":1,"href":"https:\/\/fn.se\/haparanda\/wp-json\/wp\/v2\/pages\/50\/revisions"}],"predecessor-version":[{"id":52,"href":"https:\/\/fn.se\/haparanda\/wp-json\/wp\/v2\/pages\/50\/revisions\/52"}],"wp:attachment":[{"href":"https:\/\/fn.se\/haparanda\/wp-json\/wp\/v2\/media?parent=50"}],"curies":[{"name":"wp","href":"https:\/\/api.w.org\/{rel}","templated":true}]}}