{"id":200,"date":"2016-10-10T14:06:37","date_gmt":"2016-10-10T14:06:37","guid":{"rendered":"http:\/\/fn.se\/haparanda\/?page_id=200"},"modified":"2016-10-10T14:06:37","modified_gmt":"2016-10-10T14:06:37","slug":"haparandas-fn-ungdomar-aker-till-moldavien","status":"publish","type":"page","link":"https:\/\/fn.se\/haparanda\/haparandas-fn-ungdomar-aker-till-moldavien\/","title":{"rendered":"Haparandas FN-ungdomar \u00e5ker till Moldavien"},"content":{"rendered":"<h1>Haparandas FN-ungdomar \u00e5ker till Moldavien<\/h1>\n<p class=\"intro\">Sex av v\u00e5ra fina ungdomar + ledare \u00e5ker den 9 april till Moldavien f\u00f6r att \u00e5terg\u00e4lda de Moldaviska ungdomarnas bes\u00f6k i Haparanda under september 2012.<\/p>\n<p>V\u00e5ra ungdomar har f\u00e5tt ett mycket variationsrikt och digert veckoprogram fr\u00e5n Moldavien och f\u00f6rbereder sig nu p\u00e5 alla s\u00e4tt inf\u00f6r den sp\u00e4nnande resan. Deltagarna skall bo i v\u00e4rdfamiljer f\u00f6r att uppn\u00e5 maximal integration. Bes\u00f6k p\u00e5 skolor, f\u00f6retag, \u00e4ldreboenden, ambassad och kulturella aktiviteter \u00e4r huvudingredienserna i veckoprogrammet<\/p>\n<p>Vi har lyckan att ha en Moldavisk dam, uppvuxen och utbildad i landet, nu boende p\u00e5 Seskar\u00f6, Alimma Pascal-F\u00e4lt , som \u00e4r v\u00e5rt allt i allo.<\/p>\n<p>Alimma beh\u00e4rskar b\u00e5de den Moldaviska kulturen och de tv\u00e5 spr\u00e5ken, ryska och rum\u00e4nska. Alimma har lagt ner ett h\u00e4ngivet arbete f\u00f6r att detta ungdomsutbyte skulle kunna f\u00f6rverkligas och utan hennes insataer hade vi inte kunnat genomf\u00f6ra projektet,&#8221;Together for the Future&#8221;. Vi tror att det \u00e4r viktigt att ungdomar fr\u00e5n olika l\u00e4nder kommer tillsammans och inser att vi genom samarbete och alla m\u00e4nniskors lika v\u00e4rde, kan bygga en b\u00e4ttre v\u00e4rld.<\/p>\n<p>F\u00f6r Haparandas FN-F\u00f6rening<br \/>\nHarald Dahlgren<\/p>\n<div id=\"attachment_201\" style=\"width: 1034px\" class=\"wp-caption alignright\"><img loading=\"lazy\" decoding=\"async\" aria-describedby=\"caption-attachment-201\" class=\"size-large wp-image-201\" src=\"https:\/\/fn.se\/haparanda\/wp-content\/uploads\/sites\/17\/2016\/10\/Moldavien-Tanzania-1024x768.jpg\" alt=\"Bilden: fr.v. Reseledaren och organisat\u00f6ren Alimma Pascal -F\u00e4lt, Daniel Lippi\u00e4inen,Tove Tapani, Renee Rahkola, Amelia Orre, Linda V\u00e4\u00e4n\u00e4nen, Bitr. resledaren Tina Mykk\u00e4nen\" width=\"1024\" height=\"768\" srcset=\"https:\/\/fn.se\/haparanda\/wp-content\/uploads\/sites\/17\/2016\/10\/Moldavien-Tanzania-1024x768.jpg 1024w, https:\/\/fn.se\/haparanda\/wp-content\/uploads\/sites\/17\/2016\/10\/Moldavien-Tanzania-300x225.jpg 300w, https:\/\/fn.se\/haparanda\/wp-content\/uploads\/sites\/17\/2016\/10\/Moldavien-Tanzania-768x576.jpg 768w, https:\/\/fn.se\/haparanda\/wp-content\/uploads\/sites\/17\/2016\/10\/Moldavien-Tanzania-427x320.jpg 427w, https:\/\/fn.se\/haparanda\/wp-content\/uploads\/sites\/17\/2016\/10\/Moldavien-Tanzania-933x700.jpg 933w\" sizes=\"auto, (max-width: 1024px) 100vw, 1024px\" \/><p id=\"caption-attachment-201\" class=\"wp-caption-text\">Bilden: fr.v. Reseledaren och organisat\u00f6ren Alimma Pascal -F\u00e4lt, Daniel Lippi\u00e4inen,Tove Tapani, Renee Rahkola, Amelia Orre, Linda V\u00e4\u00e4n\u00e4nen, Bitr. resledaren Tina Mykk\u00e4nen<\/p><\/div>\n","protected":false},"excerpt":{"rendered":"<p>Haparandas FN-ungdomar \u00e5ker till Moldavien Sex av v\u00e5ra fina ungdomar + ledare \u00e5ker den 9 april till Moldavien f\u00f6r att&hellip;<\/p>\n","protected":false},"author":17,"featured_media":0,"parent":0,"menu_order":0,"comment_status":"closed","ping_status":"closed","template":"templates\/template-sub.php","meta":{"_acf_changed":false,"footnotes":"","_links_to":"","_links_to_target":""},"class_list":["post-200","page","type-page","status-publish","hentry"],"acf":[],"_links":{"self":[{"href":"https:\/\/fn.se\/haparanda\/wp-json\/wp\/v2\/pages\/200","targetHints":{"allow":["GET"]}}],"collection":[{"href":"https:\/\/fn.se\/haparanda\/wp-json\/wp\/v2\/pages"}],"about":[{"href":"https:\/\/fn.se\/haparanda\/wp-json\/wp\/v2\/types\/page"}],"author":[{"embeddable":true,"href":"https:\/\/fn.se\/haparanda\/wp-json\/wp\/v2\/users\/17"}],"replies":[{"embeddable":true,"href":"https:\/\/fn.se\/haparanda\/wp-json\/wp\/v2\/comments?post=200"}],"version-history":[{"count":1,"href":"https:\/\/fn.se\/haparanda\/wp-json\/wp\/v2\/pages\/200\/revisions"}],"predecessor-version":[{"id":202,"href":"https:\/\/fn.se\/haparanda\/wp-json\/wp\/v2\/pages\/200\/revisions\/202"}],"wp:attachment":[{"href":"https:\/\/fn.se\/haparanda\/wp-json\/wp\/v2\/media?parent=200"}],"curies":[{"name":"wp","href":"https:\/\/api.w.org\/{rel}","templated":true}]}}