{"id":50,"date":"2016-09-13T10:34:18","date_gmt":"2016-09-13T10:34:18","guid":{"rendered":"http:\/\/fn.se\/goteborg\/?page_id=50"},"modified":"2026-02-12T20:23:18","modified_gmt":"2026-02-12T20:23:18","slug":"sektioner","status":"publish","type":"page","link":"https:\/\/fn.se\/goteborg\/sektioner\/","title":{"rendered":"Fokusgrupper"},"content":{"rendered":"\n<h1 class=\"wp-block-heading\">Fokusgrupper inom G\u00f6teborgs FN-f\u00f6rening<\/h1>\n\n\n\n<p>F\u00f6reningens fokusgrupper grundas i FN:s tre pelare om fred och s\u00e4kerhet, m\u00e4nskliga r\u00e4ttigheter och h\u00e5llbar utveckling samt de globala m\u00e5len.<span class=\"Apple-converted-space\">&nbsp;<\/span><\/p>\n\n\n\n<p>G\u00f6teborgs FN-f\u00f6rening \u00e4r indelade i grupper och en sektion. V\u00e5r barnsektion har egen styrelse men verkar precis som fokusgrupperna under moderstyrelsen. F\u00f6rutom moderstyrelsens aktiviteter anordnar fokusgrupperna ett flertal evenemang och aktiviteter under \u00e5ret inom olika intressanta omr\u00e5den.<\/p>\n\n\n\n<p>Tveka inte att kontakta oss via mejl om det \u00e4r n\u00e5got du skulle vilja engagera dig i! Kanske \u00e4r det ocks\u00e5 s\u00e5 att du saknar n\u00e5got och har en id\u00e9 p\u00e5 n\u00e5gon aktivitet?<\/p>\n\n\n\n<p><span style=\"color: #000000\"><strong>Tryck p\u00e5 de bl\u00e5 rubrikerna nedan f\u00f6r att l\u00e4sa mer om respektive fokusgrupp:&nbsp;<\/strong><\/span><\/p>\n\n\n\n<h2 class=\"wp-block-heading\"><a href=\"https:\/\/fn.se\/goteborg\/slider\/barnsektionen\/\" data-type=\"link\" data-id=\"https:\/\/fn.se\/goteborg\/slider\/barnsektionen\/\"><mark style=\"background-color:#ffffff\" class=\"has-inline-color has-fn-blue-color\">BARNSEKTIONEN<\/mark><\/a><\/h2>\n\n\n\n<h3 class=\"wp-block-heading\">ORDF\u00d6RANDE<\/h3>\n\n\n\n<p>Emma Delic<\/p>\n\n\n\n<h3 class=\"wp-block-heading\">GRUPPLEDARE<\/h3>\n\n\n\n<p>Kinda Almozayan<\/p>\n\n\n\n<p>Nat\u00e1lia Mecca<\/p>\n\n\n\n<h2 class=\"wp-block-heading\"><a href=\"https:\/\/fn.se\/goteborg\/fred-och-sakerhetsgruppen\/\" data-type=\"page\" data-id=\"47\"><mark style=\"background-color:#ffffff\" class=\"has-inline-color has-fn-blue-color\">FRED OCH S\u00c4KERHETSGRUPPEN<\/mark><\/a><\/h2>\n\n\n\n<h3 class=\"wp-block-heading\">GRUPPLEDARE<\/h3>\n\n\n\n<p>Emelie Ohlsson<\/p>\n\n\n\n<p>Tilde Sterje<\/p>\n\n\n\n<p>Fanny Robinsson<\/p>\n\n\n\n<p>Anna Hansson<\/p>\n\n\n\n<p>Daniel Pichler<\/p>\n\n\n\n<h2 class=\"wp-block-heading\"><a href=\"https:\/\/fn.se\/goteborg\/hallbarhetochmiljogruppen\/\" data-type=\"page\" data-id=\"37\"><mark style=\"background-color:#ffffff\" class=\"has-inline-color has-fn-blue-color\">H\u00c5LLBARHETS OCH MILJ\u00d6GRUPPEN<\/mark><\/a><\/h2>\n\n\n\n<h3 class=\"wp-block-heading\">GRUPPLEDARE<\/h3>\n\n\n\n<p>Emmi Harner<\/p>\n\n\n\n<p>Elin Hansbo Olsson<\/p>\n\n\n\n<p>Julia Persson<\/p>\n\n\n\n<p>Clara Straub<\/p>\n\n\n\n<p>Hanna Bengtsson<\/p>\n\n\n\n<p>Ann-Sophie Gruel<\/p>\n\n\n\n<h2 class=\"wp-block-heading\"><a href=\"https:\/\/fn.se\/goteborg\/slider\/genusgruppen\/\" data-type=\"link\" data-id=\"https:\/\/fn.se\/goteborg\/slider\/genusgruppen\/\"><mark style=\"background-color:#ffffff\" class=\"has-inline-color has-fn-blue-color\">J\u00c4MST\u00c4LLDHET- OCH j\u00c4MLIKHETSSGRUPPEN<\/mark><\/a><\/h2>\n\n\n\n<h3 class=\"wp-block-heading\">GRUPPLEDARE<\/h3>\n\n\n\n<p>Vania Olsson<\/p>\n\n\n\n<p>Lea Mathisson<\/p>\n\n\n\n<p>Clara Straub<\/p>\n\n\n\n<p>Nour Al Kasem<\/p>\n\n\n\n<p>Thelma<\/p>\n\n\n\n<p>Daniel Pichler<\/p>\n\n\n\n<p>Karolina Gilbert<\/p>\n\n\n\n<p>Siri Rendahl<\/p>\n\n\n\n<h2 class=\"wp-block-heading\"><a href=\"https:\/\/fn.se\/goteborg\/mr-gruppen\/\" data-type=\"page\" data-id=\"33\"><mark style=\"background-color:#ffffff\" class=\"has-inline-color has-fn-blue-color\">M\u00c4NSKLIGAR\u00c4TTIGHETERGRUPPEN<\/mark><\/a><\/h2>\n\n\n\n<h3 class=\"wp-block-heading\">GRUPPLEDARE<\/h3>\n\n\n\n<p>Ebba Tholander<\/p>\n\n\n\n<p>Julia Lehes L\u00f6wenberg<\/p>\n\n\n\n<p>Tora H\u00f6glund Kallerhult<\/p>\n\n\n<h3 class=\"wp-block-heading\">\u00a0<\/h3>\n<h4>\u00a0<\/h4>","protected":false},"excerpt":{"rendered":"<p>Fokusgrupper inom G\u00f6teborgs FN-f\u00f6rening F\u00f6reningens fokusgrupper grundas i FN:s tre pelare om fred och s\u00e4kerhet, m\u00e4nskliga r\u00e4ttigheter och h\u00e5llbar utveckling&hellip;<\/p>\n","protected":false},"author":1,"featured_media":0,"parent":0,"menu_order":0,"comment_status":"closed","ping_status":"closed","template":"templates\/template-sub.php","meta":{"_acf_changed":false,"footnotes":"","_links_to":"","_links_to_target":""},"class_list":["post-50","page","type-page","status-publish","hentry"],"acf":[],"_links":{"self":[{"href":"https:\/\/fn.se\/goteborg\/wp-json\/wp\/v2\/pages\/50","targetHints":{"allow":["GET"]}}],"collection":[{"href":"https:\/\/fn.se\/goteborg\/wp-json\/wp\/v2\/pages"}],"about":[{"href":"https:\/\/fn.se\/goteborg\/wp-json\/wp\/v2\/types\/page"}],"author":[{"embeddable":true,"href":"https:\/\/fn.se\/goteborg\/wp-json\/wp\/v2\/users\/1"}],"replies":[{"embeddable":true,"href":"https:\/\/fn.se\/goteborg\/wp-json\/wp\/v2\/comments?post=50"}],"version-history":[{"count":63,"href":"https:\/\/fn.se\/goteborg\/wp-json\/wp\/v2\/pages\/50\/revisions"}],"predecessor-version":[{"id":1198,"href":"https:\/\/fn.se\/goteborg\/wp-json\/wp\/v2\/pages\/50\/revisions\/1198"}],"wp:attachment":[{"href":"https:\/\/fn.se\/goteborg\/wp-json\/wp\/v2\/media?parent=50"}],"curies":[{"name":"wp","href":"https:\/\/api.w.org\/{rel}","templated":true}]}}